{"id":379,"date":"2019-05-27T15:44:05","date_gmt":"2019-05-27T13:44:05","guid":{"rendered":"https:\/\/saintlouis-lapaix.com\/lycee-saint-louis\/?page_id=379"},"modified":"2026-02-17T15:46:23","modified_gmt":"2026-02-17T14:46:23","slug":"seconde-a-parcours-international","status":"publish","type":"page","link":"https:\/\/saintlouis-lapaix.com\/lycee-saint-louis\/international\/seconde-a-parcours-international\/","title":{"rendered":"Seconde \u00e0 parcours international"},"content":{"rendered":"<h6><strong>Depuis la rentr\u00e9e 2017, les \u00e9l\u00e8ves de seconde ont l&rsquo;opportunit\u00e9 de suivre leur formation dans une classe appel\u00e9e<\/strong> <strong>Seconde \u00e0 Parcours International<\/strong><\/h6>\n<p><a href=\"https:\/\/saintlouis-lapaix.com\/lycee-saint-louis\/seconde-a-parcours-international-et-climate-fiction\/\" target=\"_blank\" rel=\"noopener\"><img loading=\"lazy\" decoding=\"async\" class=\"alignnone wp-image-4110 size-full\" src=\"https:\/\/saintlouis-lapaix.com\/lycee-saint-louis\/wp-content\/uploads\/sites\/3\/2026\/01\/Capture-decran-2026-01-08-091211.png\" alt=\"\" width=\"447\" height=\"615\" srcset=\"https:\/\/saintlouis-lapaix.com\/lycee-saint-louis\/wp-content\/uploads\/sites\/3\/2026\/01\/Capture-decran-2026-01-08-091211.png 447w, https:\/\/saintlouis-lapaix.com\/lycee-saint-louis\/wp-content\/uploads\/sites\/3\/2026\/01\/Capture-decran-2026-01-08-091211-218x300.png 218w\" sizes=\"auto, (max-width: 447px) 100vw, 447px\" \/><\/a><\/p>\n<p><strong>Les finalit\u00e9s du dispositif propos\u00e9 sont les suivantes :<\/strong><\/p>\n<ul>\n<li>Accompagner, consolider la construction et la r\u00e9ussite du projet de l&rsquo;\u00e9l\u00e8ve et pr\u00e9parer les \u00e9l\u00e8ves aux nouveaux d\u00e9fis de l&rsquo;avenir.<\/li>\n<li>Favoriser la mobilit\u00e9 \u00e0 l&rsquo;\u00e9tranger, l&rsquo;insertion sociale, la poursuite des \u00e9tudes sup\u00e9rieures et l&rsquo;insertion professionnelle.<\/li>\n<li>Agir pour diminuer l&rsquo;appr\u00e9hension li\u00e9e \u00e0 la prise de parole en public. Banaliser l&rsquo;aisance \u00e0 l&rsquo;oral, l&rsquo;autonomie des \u00e9l\u00e8ves en langues \u00e9trang\u00e8res : l\u2019interaction avec des professeurs non linguistes favorise le d\u00e9passement des inhibitions, une plus grande aisance dans la communication et renforce la capacit\u00e9 \u00e0 participer aux cours de langues.<\/li>\n<li>Permettre une plus grande aisance en langues \u00e9trang\u00e8res en \u00e9largissant le registre du vocabulaire.<\/li>\n<li>Faire de l&rsquo;anglais un outil de communication en multipliant les occasions et les situations d&rsquo;apprentissages.<\/li>\n<\/ul>\n<p><strong>Caract\u00e9ristiques g\u00e9n\u00e9rales de la classe concern\u00e9e :<\/strong><\/p>\n<ul>\n<li>En compl\u00e9ment des langues vivantes 1 et 2 et, le cas \u00e9ch\u00e9ant, des options LV3 et section euro, les \u00e9l\u00e8ves seront expos\u00e9s \u00e0 l&rsquo;anglais tout ou partie du cours de certaines disciplines &#8211; choix variable selon les ann\u00e9es : math\u00e9matiques, sciences physiques, SVT, SES, histoire g\u00e9ographie&#8230; &#8211;<\/li>\n<li>Dans les autres disciplines, les choix p\u00e9dagogiques favorisent les acquis li\u00e9s \u00e0 la culture des pays o\u00f9 l&rsquo;anglais et l&rsquo;allemand sont parl\u00e9s.<\/li>\n<li>En compl\u00e9ment de l&rsquo;horaire habituel de la classe de seconde, des ateliers de conversation, de culture internationale, d&rsquo;informations sur la mobilit\u00e9 sont pr\u00e9vus dans l&#8217;emploi du temps de la classe (environ 20 heures annuelles).<\/li>\n<\/ul>\n<p><strong>Profil des \u00e9l\u00e8ves :<\/strong><\/p>\n<p>Cette classe s&rsquo;adresse prioritairement aux \u00e9l\u00e8ves ayant :<\/p>\n<ul>\n<li>Un r\u00e9el int\u00e9r\u00eat pour les langues, le souhait d&rsquo;inscrire le parcours dans une dynamique int\u00e9grant de mani\u00e8re significative l&rsquo;anglais.<\/li>\n<li>Le sens de l&rsquo;effort, une capacit\u00e9 \u00e0 se concentrer et de la curiosit\u00e9.<\/li>\n<\/ul>\n<p><img loading=\"lazy\" decoding=\"async\" class=\"alignnone wp-image-4249 size-large\" src=\"https:\/\/saintlouis-lapaix.com\/lycee-saint-louis\/wp-content\/uploads\/sites\/3\/2026\/02\/Affiche-parcours-international-003-724x1024.jpg\" alt=\"\" width=\"724\" height=\"1024\" srcset=\"https:\/\/saintlouis-lapaix.com\/lycee-saint-louis\/wp-content\/uploads\/sites\/3\/2026\/02\/Affiche-parcours-international-003-724x1024.jpg 724w, https:\/\/saintlouis-lapaix.com\/lycee-saint-louis\/wp-content\/uploads\/sites\/3\/2026\/02\/Affiche-parcours-international-003-212x300.jpg 212w, https:\/\/saintlouis-lapaix.com\/lycee-saint-louis\/wp-content\/uploads\/sites\/3\/2026\/02\/Affiche-parcours-international-003-768x1087.jpg 768w, https:\/\/saintlouis-lapaix.com\/lycee-saint-louis\/wp-content\/uploads\/sites\/3\/2026\/02\/Affiche-parcours-international-003-1086x1536.jpg 1086w, https:\/\/saintlouis-lapaix.com\/lycee-saint-louis\/wp-content\/uploads\/sites\/3\/2026\/02\/Affiche-parcours-international-003-1447x2048.jpg 1447w, https:\/\/saintlouis-lapaix.com\/lycee-saint-louis\/wp-content\/uploads\/sites\/3\/2026\/02\/Affiche-parcours-international-003-1200x1698.jpg 1200w, https:\/\/saintlouis-lapaix.com\/lycee-saint-louis\/wp-content\/uploads\/sites\/3\/2026\/02\/Affiche-parcours-international-003.jpg 1653w\" sizes=\"auto, (max-width: 724px) 100vw, 724px\" \/><\/p>\n<h2>En savoir plus sur nos formations :<\/h2>\n<ul>\n<li><strong><a href=\"https:\/\/saintlouis-lapaix.com\/lycee-saint-louis\/formations\/bac-general\/\" target=\"_blank\" rel=\"noopener\">Nos formations de la voie g\u00e9n\u00e9rale<\/a><\/strong><\/li>\n<li><strong><a href=\"https:\/\/saintlouis-lapaix.com\/lycee-saint-louis\/formations\/bac-technologique\/\" target=\"_blank\" rel=\"noopener\">Nos 3 s\u00e9ries technologiques, STL, ST2S, STMG<\/a><\/strong><\/li>\n<\/ul>\n<h2>Retrouvez-nous sur les r\u00e9seaux sociaux :<\/h2>\n<p><a href=\"https:\/\/www.facebook.com\/lyceesaintlouis.lorient\/\" target=\"_blank\" rel=\"noopener\"><img loading=\"lazy\" decoding=\"async\" class=\"alignnone wp-image-3930\" src=\"https:\/\/saintlouis-lapaix.com\/lycee-saint-louis\/wp-content\/uploads\/sites\/3\/2025\/11\/logo-facebook.png\" alt=\"\" width=\"54\" height=\"54\" \/><\/a><a href=\"https:\/\/www.facebook.com\/lyceesaintlouis.lorient\/\" target=\"_blank\" rel=\"noopener\">@lyceesaintlouis.lorient<\/a><\/p>\n<p><a href=\"https:\/\/www.instagram.com\/lyceesaintlouis\/\" target=\"_blank\" rel=\"noopener\"><img loading=\"lazy\" decoding=\"async\" class=\"alignnone wp-image-3931\" src=\"https:\/\/saintlouis-lapaix.com\/lycee-saint-louis\/wp-content\/uploads\/sites\/3\/2025\/11\/logo-instagram.jpeg\" alt=\"\" width=\"54\" height=\"54\" \/><\/a><a href=\"https:\/\/www.instagram.com\/lyceesaintlouis\/\" target=\"_blank\" rel=\"noopener\">@lyceesaintlouis<\/a><\/p>\n<p><a href=\"https:\/\/fr.linkedin.com\/school\/ lyc\u00e9e-saint-louis-lorient-56\/\" target=\"_blank\" rel=\"noopener\"><img loading=\"lazy\" decoding=\"async\" class=\"alignnone wp-image-3932\" src=\"https:\/\/saintlouis-lapaix.com\/lycee-saint-louis\/wp-content\/uploads\/sites\/3\/2025\/11\/logo-linkedin.png\" alt=\"\" width=\"51\" height=\"51\" \/><\/a><a href=\"https:\/\/youtube.com\/@lyceesaintlouis-lapaix9651?si=rAFYgpYMLHypt4Dn\" target=\"_blank\" rel=\"noopener\">@lyc\u00e9e-saint-louis-lorient-56<\/a><\/p>\n<p><a href=\"https:\/\/youtube.com\/@lyceesaintlouis-lapaix9651?si=rAFYgpYMLHypt4Dn\" target=\"_blank\" rel=\"noopener\"><img loading=\"lazy\" decoding=\"async\" class=\"alignnone wp-image-3933\" src=\"https:\/\/saintlouis-lapaix.com\/lycee-saint-louis\/wp-content\/uploads\/sites\/3\/2025\/11\/logo-youtube.jpeg\" alt=\"\" width=\"110\" height=\"60\" \/><\/a><a href=\"https:\/\/youtube.com\/@lyceesaintlouis-lapaix9651?si=rAFYgpYMLHypt4Dn\" target=\"_blank\" rel=\"noopener\">@lyceesaintlouis-lapaix9651<\/a><\/p>\n<h2>En savoir plus sur les autres formations du groupe scolaire Saint-Louis La Paix :<\/h2>\n<ul>\n<li><strong><a href=\"https:\/\/saintlouis-lapaix.com\/lycee-la-paix\/enseignement-superieur\/\" target=\"_blank\" rel=\"noopener\">Le Campus La Paix et nos 6 formations de BTS\u00a0<\/a><\/strong><\/li>\n<li><strong><a href=\"https:\/\/saintlouis-lapaix.com\/lycee-la-paix\/\" target=\"_blank\" rel=\"noopener\">Le lyc\u00e9e professionnel Notre Dame de la Paix : 4 formations de Baccalaur\u00e9at Professionnel et 1 CAP Op\u00e9rateur\/trice Logistique<\/a><\/strong><\/li>\n<li><a href=\"https:\/\/saintlouis-lapaix.com\/college-saint-louis\/\" target=\"_blank\" rel=\"noopener\"><strong>Le Coll\u00e8ge Saint-Louis, \u00e0 Lorient<\/strong><\/a><\/li>\n<\/ul>\n<p>&nbsp;<\/p>\n","protected":false},"excerpt":{"rendered":"<p>Depuis la rentr\u00e9e 2017, les \u00e9l\u00e8ves de seconde ont l&rsquo;opportunit\u00e9 de suivre leur formation dans une classe appel\u00e9e Seconde \u00e0&hellip;<\/p>\n","protected":false},"author":3,"featured_media":0,"parent":10,"menu_order":0,"comment_status":"closed","ping_status":"closed","template":"","meta":{"_acf_changed":false,"footnotes":""},"class_list":["post-379","page","type-page","status-publish","hentry"],"acf":[],"yoast_head":"<!-- This site is optimized with the Yoast SEO plugin v27.4 - https:\/\/yoast.com\/product\/yoast-seo-wordpress\/ -->\n<title>Seconde \u00e0 parcours international - Lyc\u00e9e Saint-Louis<\/title>\n<meta name=\"description\" content=\"Depuis la rentr\u00e9e 2017, les \u00e9l\u00e8ves de seconde ont l&#039;opportunit\u00e9 de suivre leur formation dans une classe appel\u00e9e Seconde \u00e0 Parcours International\" \/>\n<meta name=\"robots\" content=\"index, follow, max-snippet:-1, max-image-preview:large, max-video-preview:-1\" \/>\n<link rel=\"canonical\" href=\"https:\/\/saintlouis-lapaix.com\/lycee-saint-louis\/international\/seconde-a-parcours-international\/\" \/>\n<meta property=\"og:locale\" content=\"fr_FR\" \/>\n<meta property=\"og:type\" content=\"article\" \/>\n<meta property=\"og:title\" content=\"Seconde \u00e0 parcours international - Lyc\u00e9e Saint-Louis\" \/>\n<meta property=\"og:description\" content=\"Depuis la rentr\u00e9e 2017, les \u00e9l\u00e8ves de seconde ont l&#039;opportunit\u00e9 de suivre leur formation dans une classe appel\u00e9e Seconde \u00e0 Parcours International\" \/>\n<meta property=\"og:url\" content=\"https:\/\/saintlouis-lapaix.com\/lycee-saint-louis\/international\/seconde-a-parcours-international\/\" \/>\n<meta property=\"og:site_name\" content=\"Lyc\u00e9e Saint-Louis\" \/>\n<meta property=\"article:modified_time\" content=\"2026-02-17T14:46:23+00:00\" \/>\n<meta property=\"og:image\" content=\"https:\/\/saintlouis-lapaix.com\/lycee-saint-louis\/wp-content\/uploads\/sites\/3\/2026\/01\/Capture-decran-2026-01-08-091211.png\" \/>\n\t<meta property=\"og:image:width\" content=\"447\" \/>\n\t<meta property=\"og:image:height\" content=\"615\" \/>\n\t<meta property=\"og:image:type\" content=\"image\/png\" \/>\n<meta name=\"twitter:card\" content=\"summary_large_image\" \/>\n<meta name=\"twitter:label1\" content=\"Dur\u00e9e de lecture estim\u00e9e\" \/>\n\t<meta name=\"twitter:data1\" content=\"4 minutes\" \/>\n<script type=\"application\/ld+json\" class=\"yoast-schema-graph\">{\"@context\":\"https:\\\/\\\/schema.org\",\"@graph\":[{\"@type\":\"WebPage\",\"@id\":\"https:\\\/\\\/saintlouis-lapaix.com\\\/lycee-saint-louis\\\/international\\\/seconde-a-parcours-international\\\/\",\"url\":\"https:\\\/\\\/saintlouis-lapaix.com\\\/lycee-saint-louis\\\/international\\\/seconde-a-parcours-international\\\/\",\"name\":\"Seconde \u00e0 parcours international - Lyc\u00e9e Saint-Louis\",\"isPartOf\":{\"@id\":\"https:\\\/\\\/saintlouis-lapaix.com\\\/lycee-saint-louis\\\/#website\"},\"primaryImageOfPage\":{\"@id\":\"https:\\\/\\\/saintlouis-lapaix.com\\\/lycee-saint-louis\\\/international\\\/seconde-a-parcours-international\\\/#primaryimage\"},\"image\":{\"@id\":\"https:\\\/\\\/saintlouis-lapaix.com\\\/lycee-saint-louis\\\/international\\\/seconde-a-parcours-international\\\/#primaryimage\"},\"thumbnailUrl\":\"https:\\\/\\\/saintlouis-lapaix.com\\\/lycee-saint-louis\\\/wp-content\\\/uploads\\\/sites\\\/3\\\/2026\\\/01\\\/Capture-decran-2026-01-08-091211.png\",\"datePublished\":\"2019-05-27T13:44:05+00:00\",\"dateModified\":\"2026-02-17T14:46:23+00:00\",\"description\":\"Depuis la rentr\u00e9e 2017, les \u00e9l\u00e8ves de seconde ont l'opportunit\u00e9 de suivre leur formation dans une classe appel\u00e9e Seconde \u00e0 Parcours International\",\"breadcrumb\":{\"@id\":\"https:\\\/\\\/saintlouis-lapaix.com\\\/lycee-saint-louis\\\/international\\\/seconde-a-parcours-international\\\/#breadcrumb\"},\"inLanguage\":\"fr-FR\",\"potentialAction\":[{\"@type\":\"ReadAction\",\"target\":[\"https:\\\/\\\/saintlouis-lapaix.com\\\/lycee-saint-louis\\\/international\\\/seconde-a-parcours-international\\\/\"]}]},{\"@type\":\"ImageObject\",\"inLanguage\":\"fr-FR\",\"@id\":\"https:\\\/\\\/saintlouis-lapaix.com\\\/lycee-saint-louis\\\/international\\\/seconde-a-parcours-international\\\/#primaryimage\",\"url\":\"https:\\\/\\\/saintlouis-lapaix.com\\\/lycee-saint-louis\\\/wp-content\\\/uploads\\\/sites\\\/3\\\/2026\\\/01\\\/Capture-decran-2026-01-08-091211.png\",\"contentUrl\":\"https:\\\/\\\/saintlouis-lapaix.com\\\/lycee-saint-louis\\\/wp-content\\\/uploads\\\/sites\\\/3\\\/2026\\\/01\\\/Capture-decran-2026-01-08-091211.png\",\"width\":447,\"height\":615},{\"@type\":\"BreadcrumbList\",\"@id\":\"https:\\\/\\\/saintlouis-lapaix.com\\\/lycee-saint-louis\\\/international\\\/seconde-a-parcours-international\\\/#breadcrumb\",\"itemListElement\":[{\"@type\":\"ListItem\",\"position\":1,\"name\":\"Accueil\",\"item\":\"https:\\\/\\\/saintlouis-lapaix.com\\\/lycee-saint-louis\\\/\"},{\"@type\":\"ListItem\",\"position\":2,\"name\":\"International\",\"item\":\"https:\\\/\\\/saintlouis-lapaix.com\\\/lycee-saint-louis\\\/international\\\/\"},{\"@type\":\"ListItem\",\"position\":3,\"name\":\"Seconde \u00e0 parcours international\"}]},{\"@type\":\"WebSite\",\"@id\":\"https:\\\/\\\/saintlouis-lapaix.com\\\/lycee-saint-louis\\\/#website\",\"url\":\"https:\\\/\\\/saintlouis-lapaix.com\\\/lycee-saint-louis\\\/\",\"name\":\"Lyc\u00e9e Saint-Louis\",\"description\":\"Lyc\u00e9e d\u2019Enseignement G\u00e9n\u00e9ral et Technologique\",\"potentialAction\":[{\"@type\":\"SearchAction\",\"target\":{\"@type\":\"EntryPoint\",\"urlTemplate\":\"https:\\\/\\\/saintlouis-lapaix.com\\\/lycee-saint-louis\\\/?s={search_term_string}\"},\"query-input\":{\"@type\":\"PropertyValueSpecification\",\"valueRequired\":true,\"valueName\":\"search_term_string\"}}],\"inLanguage\":\"fr-FR\"}]}<\/script>\n<!-- \/ Yoast SEO plugin. -->","yoast_head_json":{"title":"Seconde \u00e0 parcours international - Lyc\u00e9e Saint-Louis","description":"Depuis la rentr\u00e9e 2017, les \u00e9l\u00e8ves de seconde ont l'opportunit\u00e9 de suivre leur formation dans une classe appel\u00e9e Seconde \u00e0 Parcours International","robots":{"index":"index","follow":"follow","max-snippet":"max-snippet:-1","max-image-preview":"max-image-preview:large","max-video-preview":"max-video-preview:-1"},"canonical":"https:\/\/saintlouis-lapaix.com\/lycee-saint-louis\/international\/seconde-a-parcours-international\/","og_locale":"fr_FR","og_type":"article","og_title":"Seconde \u00e0 parcours international - Lyc\u00e9e Saint-Louis","og_description":"Depuis la rentr\u00e9e 2017, les \u00e9l\u00e8ves de seconde ont l'opportunit\u00e9 de suivre leur formation dans une classe appel\u00e9e Seconde \u00e0 Parcours International","og_url":"https:\/\/saintlouis-lapaix.com\/lycee-saint-louis\/international\/seconde-a-parcours-international\/","og_site_name":"Lyc\u00e9e Saint-Louis","article_modified_time":"2026-02-17T14:46:23+00:00","og_image":[{"width":447,"height":615,"url":"https:\/\/saintlouis-lapaix.com\/lycee-saint-louis\/wp-content\/uploads\/sites\/3\/2026\/01\/Capture-decran-2026-01-08-091211.png","type":"image\/png"}],"twitter_card":"summary_large_image","twitter_misc":{"Dur\u00e9e de lecture estim\u00e9e":"4 minutes"},"schema":{"@context":"https:\/\/schema.org","@graph":[{"@type":"WebPage","@id":"https:\/\/saintlouis-lapaix.com\/lycee-saint-louis\/international\/seconde-a-parcours-international\/","url":"https:\/\/saintlouis-lapaix.com\/lycee-saint-louis\/international\/seconde-a-parcours-international\/","name":"Seconde \u00e0 parcours international - Lyc\u00e9e Saint-Louis","isPartOf":{"@id":"https:\/\/saintlouis-lapaix.com\/lycee-saint-louis\/#website"},"primaryImageOfPage":{"@id":"https:\/\/saintlouis-lapaix.com\/lycee-saint-louis\/international\/seconde-a-parcours-international\/#primaryimage"},"image":{"@id":"https:\/\/saintlouis-lapaix.com\/lycee-saint-louis\/international\/seconde-a-parcours-international\/#primaryimage"},"thumbnailUrl":"https:\/\/saintlouis-lapaix.com\/lycee-saint-louis\/wp-content\/uploads\/sites\/3\/2026\/01\/Capture-decran-2026-01-08-091211.png","datePublished":"2019-05-27T13:44:05+00:00","dateModified":"2026-02-17T14:46:23+00:00","description":"Depuis la rentr\u00e9e 2017, les \u00e9l\u00e8ves de seconde ont l'opportunit\u00e9 de suivre leur formation dans une classe appel\u00e9e Seconde \u00e0 Parcours International","breadcrumb":{"@id":"https:\/\/saintlouis-lapaix.com\/lycee-saint-louis\/international\/seconde-a-parcours-international\/#breadcrumb"},"inLanguage":"fr-FR","potentialAction":[{"@type":"ReadAction","target":["https:\/\/saintlouis-lapaix.com\/lycee-saint-louis\/international\/seconde-a-parcours-international\/"]}]},{"@type":"ImageObject","inLanguage":"fr-FR","@id":"https:\/\/saintlouis-lapaix.com\/lycee-saint-louis\/international\/seconde-a-parcours-international\/#primaryimage","url":"https:\/\/saintlouis-lapaix.com\/lycee-saint-louis\/wp-content\/uploads\/sites\/3\/2026\/01\/Capture-decran-2026-01-08-091211.png","contentUrl":"https:\/\/saintlouis-lapaix.com\/lycee-saint-louis\/wp-content\/uploads\/sites\/3\/2026\/01\/Capture-decran-2026-01-08-091211.png","width":447,"height":615},{"@type":"BreadcrumbList","@id":"https:\/\/saintlouis-lapaix.com\/lycee-saint-louis\/international\/seconde-a-parcours-international\/#breadcrumb","itemListElement":[{"@type":"ListItem","position":1,"name":"Accueil","item":"https:\/\/saintlouis-lapaix.com\/lycee-saint-louis\/"},{"@type":"ListItem","position":2,"name":"International","item":"https:\/\/saintlouis-lapaix.com\/lycee-saint-louis\/international\/"},{"@type":"ListItem","position":3,"name":"Seconde \u00e0 parcours international"}]},{"@type":"WebSite","@id":"https:\/\/saintlouis-lapaix.com\/lycee-saint-louis\/#website","url":"https:\/\/saintlouis-lapaix.com\/lycee-saint-louis\/","name":"Lyc\u00e9e Saint-Louis","description":"Lyc\u00e9e d\u2019Enseignement G\u00e9n\u00e9ral et Technologique","potentialAction":[{"@type":"SearchAction","target":{"@type":"EntryPoint","urlTemplate":"https:\/\/saintlouis-lapaix.com\/lycee-saint-louis\/?s={search_term_string}"},"query-input":{"@type":"PropertyValueSpecification","valueRequired":true,"valueName":"search_term_string"}}],"inLanguage":"fr-FR"}]}},"_links":{"self":[{"href":"https:\/\/saintlouis-lapaix.com\/lycee-saint-louis\/wp-json\/wp\/v2\/pages\/379","targetHints":{"allow":["GET"]}}],"collection":[{"href":"https:\/\/saintlouis-lapaix.com\/lycee-saint-louis\/wp-json\/wp\/v2\/pages"}],"about":[{"href":"https:\/\/saintlouis-lapaix.com\/lycee-saint-louis\/wp-json\/wp\/v2\/types\/page"}],"author":[{"embeddable":true,"href":"https:\/\/saintlouis-lapaix.com\/lycee-saint-louis\/wp-json\/wp\/v2\/users\/3"}],"replies":[{"embeddable":true,"href":"https:\/\/saintlouis-lapaix.com\/lycee-saint-louis\/wp-json\/wp\/v2\/comments?post=379"}],"version-history":[{"count":17,"href":"https:\/\/saintlouis-lapaix.com\/lycee-saint-louis\/wp-json\/wp\/v2\/pages\/379\/revisions"}],"predecessor-version":[{"id":4250,"href":"https:\/\/saintlouis-lapaix.com\/lycee-saint-louis\/wp-json\/wp\/v2\/pages\/379\/revisions\/4250"}],"up":[{"embeddable":true,"href":"https:\/\/saintlouis-lapaix.com\/lycee-saint-louis\/wp-json\/wp\/v2\/pages\/10"}],"wp:attachment":[{"href":"https:\/\/saintlouis-lapaix.com\/lycee-saint-louis\/wp-json\/wp\/v2\/media?parent=379"}],"curies":[{"name":"wp","href":"https:\/\/api.w.org\/{rel}","templated":true}]}}