{"id":294,"date":"2019-05-07T16:45:39","date_gmt":"2019-05-07T14:45:39","guid":{"rendered":"https:\/\/saintlouis-lapaix.com\/lycee-saint-louis\/?page_id=294"},"modified":"2026-03-24T09:52:28","modified_gmt":"2026-03-24T08:52:28","slug":"seconde-generale-et-technologique","status":"publish","type":"page","link":"https:\/\/saintlouis-lapaix.com\/lycee-saint-louis\/formations\/seconde-generale-et-technologique\/","title":{"rendered":"Seconde g\u00e9n\u00e9rale et technologique"},"content":{"rendered":"<p><strong>La classe de Seconde g\u00e9n\u00e9rale et technologique est une classe de d\u00e9termination pour obtenir un Baccalaur\u00e9at et pr\u00e9parer une poursuite d&rsquo;\u00e9tudes sup\u00e9rieures.<\/strong><\/p>\n<p>L&rsquo;horaire de cette classe comprend 28 heures d&rsquo;enseignements communs. Les \u00e9l\u00e8ves peuvent choisir en plus un enseignement optionnel, le latin peut \u00eatre choisi en plus de cette option.<\/p>\n<p><strong>En d\u00e9but d&rsquo;ann\u00e9e, les \u00e9l\u00e8ves de Seconde rencontrent individuellement leur professeur principal pour identifier leurs besoins. A la lumi\u00e8re de cet entretien et du test de positionnement en fran\u00e7ais et en math\u00e9matiques, un accompagnement personnalis\u00e9 est mis en place dans des groupes \u00e0 effectifs r\u00e9duits encadr\u00e9s par un enseignant.<\/strong><\/p>\n<p>Au lyc\u00e9e Saint-Louis, il est possible de s&rsquo;orienter vers la voie g\u00e9n\u00e9rale avec un large choix de sp\u00e9cialit\u00e9s ou vers l&rsquo;une des trois s\u00e9rie de la voie technologique : STL, ST2S, STMG.<\/p>\n<h4><span style=\"color: #008080;\"><strong>ORGANISATION DES ENSEIGNEMENTS :<\/strong><\/span><\/h4>\n<table style=\"height: 253px;\" width=\"813\">\n<tbody>\n<tr>\n<td colspan=\"2\" width=\"614\"><strong>ENSEIGNEMENTS COMMUNS<\/strong><\/td>\n<\/tr>\n<tr>\n<td width=\"489\">Fran\u00e7ais<\/td>\n<td width=\"125\">4 h<\/td>\n<\/tr>\n<tr>\n<td width=\"489\">Histoire-G\u00e9ographie<\/td>\n<td width=\"125\">3 h<\/td>\n<\/tr>\n<tr>\n<td width=\"489\">LV 1 et LV 2<\/td>\n<td width=\"125\">5 h 30<\/td>\n<\/tr>\n<tr>\n<td width=\"489\">Sciences \u00c9conomiques et Sociales<\/td>\n<td width=\"125\">1 h 30<\/td>\n<\/tr>\n<tr>\n<td width=\"489\">Math\u00e9matiques<\/td>\n<td width=\"125\">4 h<\/td>\n<\/tr>\n<tr>\n<td width=\"489\">Physique-Chimie<\/td>\n<td width=\"125\">3 h<\/td>\n<\/tr>\n<tr>\n<td width=\"489\">Sciences de la Vie et de la Terre<\/td>\n<td width=\"125\">1 h 30<\/td>\n<\/tr>\n<tr>\n<td width=\"489\">\u00c9ducation Physique et Sportive<\/td>\n<td width=\"125\">2 h<\/td>\n<\/tr>\n<tr>\n<td width=\"489\">Sciences Num\u00e9riques et Technologie<\/td>\n<td width=\"125\">1 h 30<\/td>\n<\/tr>\n<tr>\n<td width=\"489\">Enseignement Moral et Civique<\/td>\n<td width=\"125\">18 h\/an<\/td>\n<\/tr>\n<tr>\n<td width=\"489\">Orientation et Accompagnement<\/td>\n<td width=\"125\">54 h\/an<\/td>\n<\/tr>\n<\/tbody>\n<\/table>\n<table style=\"height: 260px;\" width=\"810\">\n<tbody>\n<tr>\n<td colspan=\"2\" width=\"614\"><strong>1 ENSEIGNEMENT OPTIONNEL PARMI :<\/strong><\/td>\n<\/tr>\n<tr>\n<td width=\"489\">Langues et cultures de l&rsquo;antiquit\u00e9 : Latin<\/td>\n<td width=\"125\">3 h<\/td>\n<\/tr>\n<tr>\n<td width=\"489\">Chinois<\/td>\n<td width=\"125\">3 h<\/td>\n<\/tr>\n<tr>\n<td width=\"489\">Japonais<\/td>\n<td width=\"125\">3 h<\/td>\n<\/tr>\n<tr>\n<td width=\"489\">Cin\u00e9ma Audiovisuel<\/td>\n<td width=\"125\">3 h<\/td>\n<\/tr>\n<tr>\n<td width=\"489\">Arts Plastiques<\/td>\n<td width=\"125\">3 h<\/td>\n<\/tr>\n<tr>\n<td width=\"489\">\u00c9ducation Physique et Sportive<\/td>\n<td width=\"125\">3 h<\/td>\n<\/tr>\n<\/tbody>\n<\/table>\n<h3><span style=\"color: #008080;\"><a style=\"color: #008080;\" href=\"https:\/\/saintlouis-lapaix.com\/lycee-saint-louis\/inscription-2026-2027\/\" target=\"_blank\" rel=\"noopener\">Retrouvez notre dossier d&rsquo;inscription 2026-2027, en cliquant ici : possibilit\u00e9 de s&rsquo;inscrire directement en ligne via Pronote<\/a><\/span><\/h3>\n<p><a href=\"https:\/\/saintlouis-lapaix.com\/lycee-saint-louis\/inscription-2026-2027\/\" target=\"_blank\" rel=\"noopener\"><img loading=\"lazy\" decoding=\"async\" class=\"alignnone wp-image-4102 size-full\" src=\"https:\/\/saintlouis-lapaix.com\/lycee-saint-louis\/wp-content\/uploads\/sites\/3\/2026\/01\/image-pronote.png\" alt=\"\" width=\"274\" height=\"184\" \/><\/a><\/p>\n","protected":false},"excerpt":{"rendered":"<p>La classe de Seconde g\u00e9n\u00e9rale et technologique est une classe de d\u00e9termination pour obtenir un Baccalaur\u00e9at et pr\u00e9parer une poursuite&hellip;<\/p>\n","protected":false},"author":3,"featured_media":0,"parent":5,"menu_order":0,"comment_status":"closed","ping_status":"closed","template":"","meta":{"_acf_changed":false,"footnotes":""},"class_list":["post-294","page","type-page","status-publish","hentry"],"acf":[],"yoast_head":"<!-- This site is optimized with the Yoast SEO plugin v27.5 - https:\/\/yoast.com\/product\/yoast-seo-wordpress\/ -->\n<title>Seconde g\u00e9n\u00e9rale et technologique - Lyc\u00e9e Saint-Louis<\/title>\n<meta name=\"description\" content=\"La classe de seconde g\u00e9n\u00e9rale et technologique est une classe de d\u00e9termination pour obtenir un baccalaur\u00e9at et pr\u00e9parer une poursuite d&#039;\u00e9tudes sup\u00e9rieures\" \/>\n<meta name=\"robots\" content=\"index, follow, max-snippet:-1, max-image-preview:large, max-video-preview:-1\" \/>\n<link rel=\"canonical\" href=\"https:\/\/saintlouis-lapaix.com\/lycee-saint-louis\/formations\/seconde-generale-et-technologique\/\" \/>\n<meta property=\"og:locale\" content=\"fr_FR\" \/>\n<meta property=\"og:type\" content=\"article\" \/>\n<meta property=\"og:title\" content=\"Seconde g\u00e9n\u00e9rale et technologique - Lyc\u00e9e Saint-Louis\" \/>\n<meta property=\"og:description\" content=\"La classe de seconde g\u00e9n\u00e9rale et technologique est une classe de d\u00e9termination pour obtenir un baccalaur\u00e9at et pr\u00e9parer une poursuite d&#039;\u00e9tudes sup\u00e9rieures\" \/>\n<meta property=\"og:url\" content=\"https:\/\/saintlouis-lapaix.com\/lycee-saint-louis\/formations\/seconde-generale-et-technologique\/\" \/>\n<meta property=\"og:site_name\" content=\"Lyc\u00e9e Saint-Louis\" \/>\n<meta property=\"article:modified_time\" content=\"2026-03-24T08:52:28+00:00\" \/>\n<meta property=\"og:image\" content=\"https:\/\/saintlouis-lapaix.com\/lycee-saint-louis\/wp-content\/uploads\/sites\/3\/2026\/01\/image-pronote.png\" \/>\n\t<meta property=\"og:image:width\" content=\"274\" \/>\n\t<meta property=\"og:image:height\" content=\"184\" \/>\n\t<meta property=\"og:image:type\" content=\"image\/png\" \/>\n<meta name=\"twitter:card\" content=\"summary_large_image\" \/>\n<meta name=\"twitter:label1\" content=\"Dur\u00e9e de lecture estim\u00e9e\" \/>\n\t<meta name=\"twitter:data1\" content=\"2 minutes\" \/>\n<script type=\"application\/ld+json\" class=\"yoast-schema-graph\">{\"@context\":\"https:\\\/\\\/schema.org\",\"@graph\":[{\"@type\":\"WebPage\",\"@id\":\"https:\\\/\\\/saintlouis-lapaix.com\\\/lycee-saint-louis\\\/formations\\\/seconde-generale-et-technologique\\\/\",\"url\":\"https:\\\/\\\/saintlouis-lapaix.com\\\/lycee-saint-louis\\\/formations\\\/seconde-generale-et-technologique\\\/\",\"name\":\"Seconde g\u00e9n\u00e9rale et technologique - Lyc\u00e9e Saint-Louis\",\"isPartOf\":{\"@id\":\"https:\\\/\\\/saintlouis-lapaix.com\\\/lycee-saint-louis\\\/#website\"},\"primaryImageOfPage\":{\"@id\":\"https:\\\/\\\/saintlouis-lapaix.com\\\/lycee-saint-louis\\\/formations\\\/seconde-generale-et-technologique\\\/#primaryimage\"},\"image\":{\"@id\":\"https:\\\/\\\/saintlouis-lapaix.com\\\/lycee-saint-louis\\\/formations\\\/seconde-generale-et-technologique\\\/#primaryimage\"},\"thumbnailUrl\":\"https:\\\/\\\/saintlouis-lapaix.com\\\/lycee-saint-louis\\\/wp-content\\\/uploads\\\/sites\\\/3\\\/2026\\\/01\\\/image-pronote.png\",\"datePublished\":\"2019-05-07T14:45:39+00:00\",\"dateModified\":\"2026-03-24T08:52:28+00:00\",\"description\":\"La classe de seconde g\u00e9n\u00e9rale et technologique est une classe de d\u00e9termination pour obtenir un baccalaur\u00e9at et pr\u00e9parer une poursuite d'\u00e9tudes sup\u00e9rieures\",\"breadcrumb\":{\"@id\":\"https:\\\/\\\/saintlouis-lapaix.com\\\/lycee-saint-louis\\\/formations\\\/seconde-generale-et-technologique\\\/#breadcrumb\"},\"inLanguage\":\"fr-FR\",\"potentialAction\":[{\"@type\":\"ReadAction\",\"target\":[\"https:\\\/\\\/saintlouis-lapaix.com\\\/lycee-saint-louis\\\/formations\\\/seconde-generale-et-technologique\\\/\"]}]},{\"@type\":\"ImageObject\",\"inLanguage\":\"fr-FR\",\"@id\":\"https:\\\/\\\/saintlouis-lapaix.com\\\/lycee-saint-louis\\\/formations\\\/seconde-generale-et-technologique\\\/#primaryimage\",\"url\":\"https:\\\/\\\/saintlouis-lapaix.com\\\/lycee-saint-louis\\\/wp-content\\\/uploads\\\/sites\\\/3\\\/2026\\\/01\\\/image-pronote.png\",\"contentUrl\":\"https:\\\/\\\/saintlouis-lapaix.com\\\/lycee-saint-louis\\\/wp-content\\\/uploads\\\/sites\\\/3\\\/2026\\\/01\\\/image-pronote.png\",\"width\":274,\"height\":184},{\"@type\":\"BreadcrumbList\",\"@id\":\"https:\\\/\\\/saintlouis-lapaix.com\\\/lycee-saint-louis\\\/formations\\\/seconde-generale-et-technologique\\\/#breadcrumb\",\"itemListElement\":[{\"@type\":\"ListItem\",\"position\":1,\"name\":\"Accueil\",\"item\":\"https:\\\/\\\/saintlouis-lapaix.com\\\/lycee-saint-louis\\\/\"},{\"@type\":\"ListItem\",\"position\":2,\"name\":\"Formations\",\"item\":\"https:\\\/\\\/saintlouis-lapaix.com\\\/lycee-saint-louis\\\/formations\\\/\"},{\"@type\":\"ListItem\",\"position\":3,\"name\":\"Seconde g\u00e9n\u00e9rale et technologique\"}]},{\"@type\":\"WebSite\",\"@id\":\"https:\\\/\\\/saintlouis-lapaix.com\\\/lycee-saint-louis\\\/#website\",\"url\":\"https:\\\/\\\/saintlouis-lapaix.com\\\/lycee-saint-louis\\\/\",\"name\":\"Lyc\u00e9e Saint-Louis\",\"description\":\"Lyc\u00e9e d\u2019Enseignement G\u00e9n\u00e9ral et Technologique\",\"potentialAction\":[{\"@type\":\"SearchAction\",\"target\":{\"@type\":\"EntryPoint\",\"urlTemplate\":\"https:\\\/\\\/saintlouis-lapaix.com\\\/lycee-saint-louis\\\/?s={search_term_string}\"},\"query-input\":{\"@type\":\"PropertyValueSpecification\",\"valueRequired\":true,\"valueName\":\"search_term_string\"}}],\"inLanguage\":\"fr-FR\"}]}<\/script>\n<!-- \/ Yoast SEO plugin. -->","yoast_head_json":{"title":"Seconde g\u00e9n\u00e9rale et technologique - Lyc\u00e9e Saint-Louis","description":"La classe de seconde g\u00e9n\u00e9rale et technologique est une classe de d\u00e9termination pour obtenir un baccalaur\u00e9at et pr\u00e9parer une poursuite d'\u00e9tudes sup\u00e9rieures","robots":{"index":"index","follow":"follow","max-snippet":"max-snippet:-1","max-image-preview":"max-image-preview:large","max-video-preview":"max-video-preview:-1"},"canonical":"https:\/\/saintlouis-lapaix.com\/lycee-saint-louis\/formations\/seconde-generale-et-technologique\/","og_locale":"fr_FR","og_type":"article","og_title":"Seconde g\u00e9n\u00e9rale et technologique - Lyc\u00e9e Saint-Louis","og_description":"La classe de seconde g\u00e9n\u00e9rale et technologique est une classe de d\u00e9termination pour obtenir un baccalaur\u00e9at et pr\u00e9parer une poursuite d'\u00e9tudes sup\u00e9rieures","og_url":"https:\/\/saintlouis-lapaix.com\/lycee-saint-louis\/formations\/seconde-generale-et-technologique\/","og_site_name":"Lyc\u00e9e Saint-Louis","article_modified_time":"2026-03-24T08:52:28+00:00","og_image":[{"width":274,"height":184,"url":"https:\/\/saintlouis-lapaix.com\/lycee-saint-louis\/wp-content\/uploads\/sites\/3\/2026\/01\/image-pronote.png","type":"image\/png"}],"twitter_card":"summary_large_image","twitter_misc":{"Dur\u00e9e de lecture estim\u00e9e":"2 minutes"},"schema":{"@context":"https:\/\/schema.org","@graph":[{"@type":"WebPage","@id":"https:\/\/saintlouis-lapaix.com\/lycee-saint-louis\/formations\/seconde-generale-et-technologique\/","url":"https:\/\/saintlouis-lapaix.com\/lycee-saint-louis\/formations\/seconde-generale-et-technologique\/","name":"Seconde g\u00e9n\u00e9rale et technologique - Lyc\u00e9e Saint-Louis","isPartOf":{"@id":"https:\/\/saintlouis-lapaix.com\/lycee-saint-louis\/#website"},"primaryImageOfPage":{"@id":"https:\/\/saintlouis-lapaix.com\/lycee-saint-louis\/formations\/seconde-generale-et-technologique\/#primaryimage"},"image":{"@id":"https:\/\/saintlouis-lapaix.com\/lycee-saint-louis\/formations\/seconde-generale-et-technologique\/#primaryimage"},"thumbnailUrl":"https:\/\/saintlouis-lapaix.com\/lycee-saint-louis\/wp-content\/uploads\/sites\/3\/2026\/01\/image-pronote.png","datePublished":"2019-05-07T14:45:39+00:00","dateModified":"2026-03-24T08:52:28+00:00","description":"La classe de seconde g\u00e9n\u00e9rale et technologique est une classe de d\u00e9termination pour obtenir un baccalaur\u00e9at et pr\u00e9parer une poursuite d'\u00e9tudes sup\u00e9rieures","breadcrumb":{"@id":"https:\/\/saintlouis-lapaix.com\/lycee-saint-louis\/formations\/seconde-generale-et-technologique\/#breadcrumb"},"inLanguage":"fr-FR","potentialAction":[{"@type":"ReadAction","target":["https:\/\/saintlouis-lapaix.com\/lycee-saint-louis\/formations\/seconde-generale-et-technologique\/"]}]},{"@type":"ImageObject","inLanguage":"fr-FR","@id":"https:\/\/saintlouis-lapaix.com\/lycee-saint-louis\/formations\/seconde-generale-et-technologique\/#primaryimage","url":"https:\/\/saintlouis-lapaix.com\/lycee-saint-louis\/wp-content\/uploads\/sites\/3\/2026\/01\/image-pronote.png","contentUrl":"https:\/\/saintlouis-lapaix.com\/lycee-saint-louis\/wp-content\/uploads\/sites\/3\/2026\/01\/image-pronote.png","width":274,"height":184},{"@type":"BreadcrumbList","@id":"https:\/\/saintlouis-lapaix.com\/lycee-saint-louis\/formations\/seconde-generale-et-technologique\/#breadcrumb","itemListElement":[{"@type":"ListItem","position":1,"name":"Accueil","item":"https:\/\/saintlouis-lapaix.com\/lycee-saint-louis\/"},{"@type":"ListItem","position":2,"name":"Formations","item":"https:\/\/saintlouis-lapaix.com\/lycee-saint-louis\/formations\/"},{"@type":"ListItem","position":3,"name":"Seconde g\u00e9n\u00e9rale et technologique"}]},{"@type":"WebSite","@id":"https:\/\/saintlouis-lapaix.com\/lycee-saint-louis\/#website","url":"https:\/\/saintlouis-lapaix.com\/lycee-saint-louis\/","name":"Lyc\u00e9e Saint-Louis","description":"Lyc\u00e9e d\u2019Enseignement G\u00e9n\u00e9ral et Technologique","potentialAction":[{"@type":"SearchAction","target":{"@type":"EntryPoint","urlTemplate":"https:\/\/saintlouis-lapaix.com\/lycee-saint-louis\/?s={search_term_string}"},"query-input":{"@type":"PropertyValueSpecification","valueRequired":true,"valueName":"search_term_string"}}],"inLanguage":"fr-FR"}]}},"_links":{"self":[{"href":"https:\/\/saintlouis-lapaix.com\/lycee-saint-louis\/wp-json\/wp\/v2\/pages\/294","targetHints":{"allow":["GET"]}}],"collection":[{"href":"https:\/\/saintlouis-lapaix.com\/lycee-saint-louis\/wp-json\/wp\/v2\/pages"}],"about":[{"href":"https:\/\/saintlouis-lapaix.com\/lycee-saint-louis\/wp-json\/wp\/v2\/types\/page"}],"author":[{"embeddable":true,"href":"https:\/\/saintlouis-lapaix.com\/lycee-saint-louis\/wp-json\/wp\/v2\/users\/3"}],"replies":[{"embeddable":true,"href":"https:\/\/saintlouis-lapaix.com\/lycee-saint-louis\/wp-json\/wp\/v2\/comments?post=294"}],"version-history":[{"count":17,"href":"https:\/\/saintlouis-lapaix.com\/lycee-saint-louis\/wp-json\/wp\/v2\/pages\/294\/revisions"}],"predecessor-version":[{"id":4357,"href":"https:\/\/saintlouis-lapaix.com\/lycee-saint-louis\/wp-json\/wp\/v2\/pages\/294\/revisions\/4357"}],"up":[{"embeddable":true,"href":"https:\/\/saintlouis-lapaix.com\/lycee-saint-louis\/wp-json\/wp\/v2\/pages\/5"}],"wp:attachment":[{"href":"https:\/\/saintlouis-lapaix.com\/lycee-saint-louis\/wp-json\/wp\/v2\/media?parent=294"}],"curies":[{"name":"wp","href":"https:\/\/api.w.org\/{rel}","templated":true}]}}